{"id":60,"date":"2021-12-24T13:11:40","date_gmt":"2021-12-24T13:11:40","guid":{"rendered":"https:\/\/fellmannkunz.ch\/?page_id=60"},"modified":"2022-04-21T13:14:49","modified_gmt":"2022-04-21T13:14:49","slug":"elisabeth-kunz-rechsanwaeltin-und-notarin","status":"publish","type":"page","link":"https:\/\/fellmannkunz.ch\/fr\/elisabeth-kunz-rechsanwaeltin-und-notarin\/","title":{"rendered":"Elisabeth Kunz, Rechsanw\u00e4ltin und Notarin"},"content":{"rendered":"<p><img loading=\"lazy\" decoding=\"async\" width=\"1514\" height=\"1431\" src=\"https:\/\/fellmannkunz.ch\/wp-content\/uploads\/2022\/03\/img-kunz-elisabeth-2.png\" alt=\"\" loading=\"lazy\" srcset=\"https:\/\/fellmannkunz.ch\/wp-content\/uploads\/2022\/03\/img-kunz-elisabeth-2.png 1514w, https:\/\/fellmannkunz.ch\/wp-content\/uploads\/2022\/03\/img-kunz-elisabeth-2-300x284.png 300w, https:\/\/fellmannkunz.ch\/wp-content\/uploads\/2022\/03\/img-kunz-elisabeth-2-1024x968.png 1024w, https:\/\/fellmannkunz.ch\/wp-content\/uploads\/2022\/03\/img-kunz-elisabeth-2-768x726.png 768w\" sizes=\"auto, (max-width: 1514px) 100vw, 1514px\" \/>\t\t\t\t\t\t\t\t\t\t\t\t\t\t\t<\/p>\n<h2>Elisabeth Kunz<br \/>Avocate et Notaire<\/h2>\n<p>\t\t\t\t\t\t\t\t\tPersonne<br \/>\n\t\t\t\t\t\t\t\t\tAvocat<br \/>\n\t\t\t\t\t\t\t\t\tNotariat<br \/>\n\t\t\t\t\t\t\t\t\tFormulaire en ligne<br \/>\n\t\t\t\t\t\t\t\t\tPersonne<\/p>\n<ul>\n<li>Membre de la F\u00e9d\u00e9ration Suisse des avocats et des notaires ainsi que de l\u2019Association des avocats et notaires bernois<\/li>\n<li>Exerce comme avocate depuis 1993 et comme notaire depuis 2016<\/li>\n<li>Langues : allemand (langue maternelle), fran\u00e7ais et anglais<\/li>\n<li>Adh\u00e9sion \u00e0 diverses institutions, fondations et associations et activit\u00e9s au sein de commissions de conciliation.<\/li>\n<li>Formation de conseill\u00e8re conjugale et formatrice de conseillers conjugaux<\/li>\n<\/ul>\n<p>\t\t\t\t\t\t\t\t\tAvocat<\/p>\n<p><strong>Droit de la famille<\/strong><\/p>\n<ul>\n<li>Proc\u00e9dures de s\u00e9paration et de divorce<\/li>\n<li>\u00c9laboration de conventions communes de s\u00e9paration et de divorce<\/li>\n<li>Actions en paternit\u00e9 et revendications de pensions alimentaires<\/li>\n<\/ul>\n<p><strong>Droit des successions<\/strong><\/p>\n<ul>\n<li>Clarifications et ex\u00e9cution de droits de succession<\/li>\n<li>Loi sur le droit successoral rural<\/li>\n<\/ul>\n<p><strong>Droit de bail \u00e0 loyer et \u00e0 ferme<\/strong><\/p>\n<ul>\n<li>Repr\u00e9sentation dans les proc\u00e9dures de droit de bail \u00e0 loyer et \u00e0 ferme devant les autorit\u00e9s de conciliation et les tribunaux<\/li>\n<li>Conseils (contrats de bail, pr\u00e9avis de r\u00e9siliation, gestion immobili\u00e8re)<\/li>\n<\/ul>\n<p><strong>Droit du travail<\/strong><\/p>\n<ul>\n<li>Revendications salariales, maintien du paiement des salaires<\/li>\n<li>R\u00e9siliations<\/li>\n<li>Mobbing<\/li>\n<\/ul>\n<p><strong>Droit des contrats en g\u00e9n\u00e9ral<\/strong><\/p>\n<ul>\n<li>Mandats, contrat de prestation et contrat de travail<\/li>\n<li>Contrat de vente<\/li>\n<\/ul>\n<p><strong>Droit des assurances sociales et priv\u00e9es<\/strong><\/p>\n<ul>\n<li>Recours dans les proc\u00e9dures de l\u2019AI<\/li>\n<li>Prestations d&#8217;assurance maladie<\/li>\n<li>Les indemnit\u00e9s journali\u00e8res pour l&#8217;assurance-ch\u00f4mage, les indemnit\u00e9s de maladie et d&#8217;accident<\/li>\n<\/ul>\n<p><strong>Droit des obligations, des poursuites et de la faillite<\/strong><\/p>\n<ul>\n<li>Remboursement de cr\u00e9ances<\/li>\n<li>D\u00e9fense contre les poursuites injustifi\u00e9es<\/li>\n<li>D\u00e9p\u00f4ts de faillite personnelle<\/li>\n<\/ul>\n<p>\t\t\t\t\t\t\t\t\tNotariat<\/p>\n<p><strong>Biens immobiliers<\/strong><\/p>\n<ul>\n<li>Contrats de vente (terrains \u00e0 b\u00e2tir, immeubles, unit\u00e9s de propri\u00e9t\u00e9 par \u00e9tage, terrains agricoles)<\/li>\n<li>Remaniements parcellaires (morcellements, r\u00e9unions, rectification de limites)<\/li>\n<li>Donations<\/li>\n<li>Contrats de gage immobiliers (\u00e9tablissement de c\u00e9dules hypoth\u00e9caires)<\/li>\n<li>Contrats de servitude (usufruit, droit d&#8217;habitation, droit de passage, droit de voisinage, etc.)<\/li>\n<li>Contrats de droit de superficie<\/li>\n<li>Constitutions de propri\u00e9t\u00e9s par \u00e9tages<\/li>\n<li>etc.<\/li>\n<\/ul>\n<p><strong>Droit du mariage et des successions<\/strong><\/p>\n<ul>\n<li>Contrats de mariage (communaut\u00e9 de biens, s\u00e9paration de biens)<\/li>\n<li>Pactes successoraux et pactes de renonciation \u00e0 l\u2019h\u00e9ritage<\/li>\n<li>Testaments<\/li>\n<li>Loi sur le droit successoral rural<\/li>\n<li>Inventaires fiscaux, successoraux ou publics<\/li>\n<li>D\u00e9livrance de certificats d\u2019h\u00e9r\u00e9dit\u00e9<\/li>\n<li>Contrats de partage<\/li>\n<li>Administration des successions<\/li>\n<li>etc.<\/li>\n<\/ul>\n<p><strong>La pr\u00e9vention<\/strong><\/p>\n<ul>\n<li>Directives anticip\u00e9es<\/li>\n<li>Conseils sur les directives anticip\u00e9es manuscrites<\/li>\n<\/ul>\n<p><strong>Entreprises\/soci\u00e9t\u00e9s<\/strong><\/p>\n<ul>\n<li>Cr\u00e9ation de soci\u00e9t\u00e9s anonymes, de soci\u00e9t\u00e9s \u00e0 responsabilit\u00e9 limit\u00e9e, de coop\u00e9ratives, y compris de statuts<\/li>\n<li>Contrats d&#8217;apport en nature et de reprise de biens<\/li>\n<li>Contrats de soci\u00e9t\u00e9 pour les soci\u00e9t\u00e9s simples, les soci\u00e9t\u00e9s en nom collectif, les soci\u00e9t\u00e9s en commandite<\/li>\n<li>Changements de si\u00e8ge<\/li>\n<li>Augmentations et r\u00e9ductions du capital-actions<\/li>\n<li>Fusions (accords de fusion et autres restructurations)<\/li>\n<li>Contrats sur l\u2019exercice des droits d\u2019actionnaires<\/li>\n<li>Contrats d&#8217;achat de blocs d&#8217;actions<\/li>\n<li>Cessions de parts sociales S\u00e0rl<\/li>\n<li>Dissolution de soci\u00e9t\u00e9s<\/li>\n<li>etc.<\/li>\n<\/ul>\n<p><strong>Associations et fondations<\/strong><\/p>\n<ul>\n<li>Cr\u00e9ations et statuts<\/li>\n<\/ul>\n<p><strong>L\u00e9galisations et plus<\/strong><\/p>\n<ul>\n<li>Copies<\/li>\n<li>Signatures<\/li>\n<li>Affidavits<\/li>\n<li>autres actes authentiques<\/li>\n<\/ul>\n<p>\t\t\t\t\t\t\t\t\tFormulaire en ligne<\/p>\n","protected":false},"excerpt":{"rendered":"<p>Elisabeth KunzAvocate et Notaire Personne Avocat Notariat Formulaire en ligne Personne Membre de la F\u00e9d\u00e9ration Suisse des avocats et des notaires ainsi que de l\u2019Association des avocats et notaires bernois Exerce comme avocate depuis 1993 et comme notaire depuis 2016 Langues : allemand (langue maternelle), fran\u00e7ais et anglais Adh\u00e9sion \u00e0 diverses institutions, fondations et associations [&hellip;]<\/p>\n","protected":false},"author":1,"featured_media":0,"parent":0,"menu_order":0,"comment_status":"closed","ping_status":"closed","template":"","meta":{"footnotes":""},"class_list":["post-60","page","type-page","status-publish","hentry"],"translation":{"provider":"WPGlobus","version":"3.0.0","language":"fr","enabled_languages":["de","fr"],"languages":{"de":{"title":true,"content":true,"excerpt":false},"fr":{"title":true,"content":true,"excerpt":false}}},"yoast_head":"<!-- This site is optimized with the Yoast SEO plugin v23.8 - https:\/\/yoast.com\/wordpress\/plugins\/seo\/ -->\n<title>Elisabeth Kunz, Rechsanw\u00e4ltin und Notarin - fellmann&amp;kunz<\/title>\n<meta name=\"robots\" content=\"index, follow, max-snippet:-1, max-image-preview:large, max-video-preview:-1\" \/>\n<link rel=\"canonical\" href=\"https:\/\/fellmannkunz.ch\/elisabeth-kunz-rechsanwaeltin-und-notarin\/\" \/>\n<meta property=\"og:locale\" content=\"fr_FR\" \/>\n<meta property=\"og:type\" content=\"article\" \/>\n<meta property=\"og:title\" content=\"Elisabeth Kunz, Rechsanw\u00e4ltin und Notarin - fellmann&amp;kunz\" \/>\n<meta property=\"og:url\" content=\"https:\/\/fellmannkunz.ch\/elisabeth-kunz-rechsanwaeltin-und-notarin\/\" \/>\n<meta property=\"og:site_name\" content=\"fellmann&amp;kunz\" \/>\n<meta property=\"article:modified_time\" content=\"2022-04-21T13:14:49+00:00\" \/>\n<meta property=\"og:image\" content=\"https:\/\/fellmannkunz.ch\/wp-content\/uploads\/2022\/03\/img-kunz-elisabeth-2.png\" \/>\n<meta name=\"twitter:card\" content=\"summary_large_image\" \/>\n<meta name=\"twitter:label1\" content=\"Est. reading time\" \/>\n\t<meta name=\"twitter:data1\" content=\"3 minutes\" \/>\n<script type=\"application\/ld+json\" class=\"yoast-schema-graph\">{\"@context\":\"https:\/\/schema.org\",\"@graph\":[{\"@type\":\"WebPage\",\"@id\":\"https:\/\/fellmannkunz.ch\/elisabeth-kunz-rechsanwaeltin-und-notarin\/\",\"url\":\"https:\/\/fellmannkunz.ch\/elisabeth-kunz-rechsanwaeltin-und-notarin\/\",\"name\":\"Elisabeth Kunz, Rechsanw\u00e4ltin und Notarin - fellmann&amp;kunz\",\"isPartOf\":{\"@id\":\"https:\/\/fellmannkunz.ch\/#website\"},\"primaryImageOfPage\":{\"@id\":\"https:\/\/fellmannkunz.ch\/elisabeth-kunz-rechsanwaeltin-und-notarin\/#primaryimage\"},\"image\":{\"@id\":\"https:\/\/fellmannkunz.ch\/elisabeth-kunz-rechsanwaeltin-und-notarin\/#primaryimage\"},\"thumbnailUrl\":\"https:\/\/fellmannkunz.ch\/wp-content\/uploads\/2022\/03\/img-kunz-elisabeth-2.png\",\"datePublished\":\"2021-12-24T13:11:40+00:00\",\"dateModified\":\"2022-04-21T13:14:49+00:00\",\"breadcrumb\":{\"@id\":\"https:\/\/fellmannkunz.ch\/elisabeth-kunz-rechsanwaeltin-und-notarin\/#breadcrumb\"},\"inLanguage\":\"fr-FR\",\"potentialAction\":[{\"@type\":\"ReadAction\",\"target\":[\"https:\/\/fellmannkunz.ch\/elisabeth-kunz-rechsanwaeltin-und-notarin\/\"]}]},{\"@type\":\"ImageObject\",\"inLanguage\":\"fr-FR\",\"@id\":\"https:\/\/fellmannkunz.ch\/elisabeth-kunz-rechsanwaeltin-und-notarin\/#primaryimage\",\"url\":\"https:\/\/fellmannkunz.ch\/wp-content\/uploads\/2022\/03\/img-kunz-elisabeth-2.png\",\"contentUrl\":\"https:\/\/fellmannkunz.ch\/wp-content\/uploads\/2022\/03\/img-kunz-elisabeth-2.png\"},{\"@type\":\"BreadcrumbList\",\"@id\":\"https:\/\/fellmannkunz.ch\/elisabeth-kunz-rechsanwaeltin-und-notarin\/#breadcrumb\",\"itemListElement\":[{\"@type\":\"ListItem\",\"position\":1,\"name\":\"Startseite\",\"item\":\"https:\/\/fellmannkunz.ch\/\"},{\"@type\":\"ListItem\",\"position\":2,\"name\":\"Elisabeth Kunz, Rechsanw\u00e4ltin und Notarin\"}]},{\"@type\":\"WebSite\",\"@id\":\"https:\/\/fellmannkunz.ch\/#website\",\"url\":\"https:\/\/fellmannkunz.ch\/\",\"name\":\"fellmann&amp;kunz\",\"description\":\"avocats et notaire\",\"potentialAction\":[{\"@type\":\"SearchAction\",\"target\":{\"@type\":\"EntryPoint\",\"urlTemplate\":\"https:\/\/fellmannkunz.ch\/?s={search_term_string}\"},\"query-input\":{\"@type\":\"PropertyValueSpecification\",\"valueRequired\":true,\"valueName\":\"search_term_string\"}}],\"inLanguage\":\"fr-FR\"}]}<\/script>\n<!-- \/ Yoast SEO plugin. -->","yoast_head_json":{"title":"Elisabeth Kunz, Rechsanw\u00e4ltin und Notarin - fellmann&amp;kunz","robots":{"index":"index","follow":"follow","max-snippet":"max-snippet:-1","max-image-preview":"max-image-preview:large","max-video-preview":"max-video-preview:-1"},"canonical":"https:\/\/fellmannkunz.ch\/elisabeth-kunz-rechsanwaeltin-und-notarin\/","og_locale":"fr_FR","og_type":"article","og_title":"Elisabeth Kunz, Rechsanw\u00e4ltin und Notarin - fellmann&amp;kunz","og_url":"https:\/\/fellmannkunz.ch\/elisabeth-kunz-rechsanwaeltin-und-notarin\/","og_site_name":"fellmann&amp;kunz","article_modified_time":"2022-04-21T13:14:49+00:00","og_image":[{"url":"https:\/\/fellmannkunz.ch\/wp-content\/uploads\/2022\/03\/img-kunz-elisabeth-2.png"}],"twitter_card":"summary_large_image","twitter_misc":{"Est. reading time":"3 minutes"},"schema":{"@context":"https:\/\/schema.org","@graph":[{"@type":"WebPage","@id":"https:\/\/fellmannkunz.ch\/elisabeth-kunz-rechsanwaeltin-und-notarin\/","url":"https:\/\/fellmannkunz.ch\/elisabeth-kunz-rechsanwaeltin-und-notarin\/","name":"Elisabeth Kunz, Rechsanw\u00e4ltin und Notarin - fellmann&amp;kunz","isPartOf":{"@id":"https:\/\/fellmannkunz.ch\/#website"},"primaryImageOfPage":{"@id":"https:\/\/fellmannkunz.ch\/elisabeth-kunz-rechsanwaeltin-und-notarin\/#primaryimage"},"image":{"@id":"https:\/\/fellmannkunz.ch\/elisabeth-kunz-rechsanwaeltin-und-notarin\/#primaryimage"},"thumbnailUrl":"https:\/\/fellmannkunz.ch\/wp-content\/uploads\/2022\/03\/img-kunz-elisabeth-2.png","datePublished":"2021-12-24T13:11:40+00:00","dateModified":"2022-04-21T13:14:49+00:00","breadcrumb":{"@id":"https:\/\/fellmannkunz.ch\/elisabeth-kunz-rechsanwaeltin-und-notarin\/#breadcrumb"},"inLanguage":"fr-FR","potentialAction":[{"@type":"ReadAction","target":["https:\/\/fellmannkunz.ch\/elisabeth-kunz-rechsanwaeltin-und-notarin\/"]}]},{"@type":"ImageObject","inLanguage":"fr-FR","@id":"https:\/\/fellmannkunz.ch\/elisabeth-kunz-rechsanwaeltin-und-notarin\/#primaryimage","url":"https:\/\/fellmannkunz.ch\/wp-content\/uploads\/2022\/03\/img-kunz-elisabeth-2.png","contentUrl":"https:\/\/fellmannkunz.ch\/wp-content\/uploads\/2022\/03\/img-kunz-elisabeth-2.png"},{"@type":"BreadcrumbList","@id":"https:\/\/fellmannkunz.ch\/elisabeth-kunz-rechsanwaeltin-und-notarin\/#breadcrumb","itemListElement":[{"@type":"ListItem","position":1,"name":"Startseite","item":"https:\/\/fellmannkunz.ch\/"},{"@type":"ListItem","position":2,"name":"Elisabeth Kunz, Rechsanw\u00e4ltin und Notarin"}]},{"@type":"WebSite","@id":"https:\/\/fellmannkunz.ch\/#website","url":"https:\/\/fellmannkunz.ch\/","name":"fellmann&amp;kunz","description":"avocats et notaire","potentialAction":[{"@type":"SearchAction","target":{"@type":"EntryPoint","urlTemplate":"https:\/\/fellmannkunz.ch\/?s={search_term_string}"},"query-input":{"@type":"PropertyValueSpecification","valueRequired":true,"valueName":"search_term_string"}}],"inLanguage":"fr-FR"}]}},"_links":{"self":[{"href":"https:\/\/fellmannkunz.ch\/fr\/wp-json\/wp\/v2\/pages\/60","targetHints":{"allow":["GET"]}}],"collection":[{"href":"https:\/\/fellmannkunz.ch\/fr\/wp-json\/wp\/v2\/pages"}],"about":[{"href":"https:\/\/fellmannkunz.ch\/fr\/wp-json\/wp\/v2\/types\/page"}],"author":[{"embeddable":true,"href":"https:\/\/fellmannkunz.ch\/fr\/wp-json\/wp\/v2\/users\/1"}],"replies":[{"embeddable":true,"href":"https:\/\/fellmannkunz.ch\/fr\/wp-json\/wp\/v2\/comments?post=60"}],"version-history":[{"count":451,"href":"https:\/\/fellmannkunz.ch\/fr\/wp-json\/wp\/v2\/pages\/60\/revisions"}],"predecessor-version":[{"id":2517,"href":"https:\/\/fellmannkunz.ch\/fr\/wp-json\/wp\/v2\/pages\/60\/revisions\/2517"}],"wp:attachment":[{"href":"https:\/\/fellmannkunz.ch\/fr\/wp-json\/wp\/v2\/media?parent=60"}],"curies":[{"name":"wp","href":"https:\/\/api.w.org\/{rel}","templated":true}]}}